{"id":70,"date":"2019-10-24T15:26:34","date_gmt":"2019-10-24T15:26:34","guid":{"rendered":"http:\/\/waldkindergartendreisamtal.de\/?page_id=70"},"modified":"2026-01-29T08:14:14","modified_gmt":"2026-01-29T08:14:14","slug":"buchenbach-team","status":"publish","type":"page","link":"https:\/\/waldkindergartendreisamtal.de\/?page_id=70","title":{"rendered":"Buchenbach &#038; Team"},"content":{"rendered":"\t\t<div data-elementor-type=\"wp-page\" data-elementor-id=\"70\" class=\"elementor elementor-70\">\n\t\t\t\t<div class=\"elementor-element elementor-element-2eb01beb e-flex e-con-boxed e-con e-parent\" data-id=\"2eb01beb\" data-element_type=\"container\">\n\t\t\t\t\t<div class=\"e-con-inner\">\n\t\t\t\t<div class=\"elementor-element elementor-element-4c99d841 elementor-widget elementor-widget-text-editor\" data-id=\"4c99d841\" data-element_type=\"widget\" data-widget_type=\"text-editor.default\">\n\t\t\t\t<div class=\"elementor-widget-container\">\n\t\t\t<style>\/*! elementor - v3.21.0 - 30-04-2024 *\/\n.elementor-widget-text-editor.elementor-drop-cap-view-stacked .elementor-drop-cap{background-color:#69727d;color:#fff}.elementor-widget-text-editor.elementor-drop-cap-view-framed .elementor-drop-cap{color:#69727d;border:3px solid;background-color:transparent}.elementor-widget-text-editor:not(.elementor-drop-cap-view-default) .elementor-drop-cap{margin-top:8px}.elementor-widget-text-editor:not(.elementor-drop-cap-view-default) .elementor-drop-cap-letter{width:1em;height:1em}.elementor-widget-text-editor .elementor-drop-cap{float:left;text-align:center;line-height:1;font-size:50px}.elementor-widget-text-editor .elementor-drop-cap-letter{display:inline-block}<\/style>\t\t\t\t<p><!-- wp:paragraph --><\/p>\n<p><strong>Buchenbach<\/strong> \u00a0\u00a0\u00a0\u00a0\u00a0 <a href=\"https:\/\/waldkindergartendreisamtal.de\/?page_id=73\">Kirchzarten<\/a> \u00a0\u00a0\u00a0\u00a0\u00a0 <a href=\"https:\/\/waldkindergartendreisamtal.de\/?page_id=76\">Oberried<\/a><\/p>\n<p><!-- \/wp:paragraph --><!-- wp:heading --><\/p>\n<h2 class=\"wp-block-heading\">Team Buchenbach und Kontakt<\/h2>\n<p><!-- \/wp:heading --><!-- wp:paragraph --><\/p>\n<p><strong>Waldhandy Kirsten Ecke: 0151 720 257 53<\/strong><strong><br \/><\/strong><a href=\"mailto:buchenbach@waldkindergarten-dreisamtal.com\"><strong>mail<\/strong><\/a><strong> buchenbach@waldkindergarten-dreisamtal.com <\/strong><\/p>\n<p><!-- \/wp:paragraph --><!-- wp:image {\"id\":569,\"width\":169,\"height\":225,\"sizeSlug\":\"large\",\"align\":\"left\"} --><\/p>\n<figure class=\"wp-block-image alignleft size-large is-resized\"><\/figure>\n<p><!-- \/wp:image --><!-- wp:paragraph --><!-- \/wp:paragraph --><!-- wp:paragraph --><!-- \/wp:paragraph --><!-- wp:image {\"id\":601,\"width\":100,\"height\":150,\"sizeSlug\":\"large\",\"align\":\"left\"} --><!-- \/wp:image --><!-- wp:paragraph --><!-- \/wp:shortcode --><!-- wp:image {\"id\":856,\"sizeSlug\":\"full\",\"linkDestination\":\"none\",\"align\":\"left\"} --><!-- \/wp:image --><!-- wp:paragraph --><!-- \/wp:paragraph --><!-- wp:shortcode --><!-- \/wp:shortcode --><!-- wp:image {\"id\":868,\"width\":225,\"height\":169,\"sizeSlug\":\"large\",\"linkDestination\":\"none\",\"align\":\"left\"} --><!-- \/wp:image --><!-- wp:paragraph --><!-- \/wp:paragraph --><!-- wp:shortcode --><!-- \/wp:shortcode --><!-- wp:image {\"id\":137,\"width\":225,\"height\":169,\"align\":\"left\"} --><!-- \/wp:image --><!-- wp:paragraph --><!-- \/wp:paragraph --><!-- wp:paragraph --><!-- \/wp:paragraph --><\/p>\t\t\t\t\t\t<\/div>\n\t\t\t\t<\/div>\n\t\t\t\t\t<\/div>\n\t\t\t\t<\/div>\n\t\t<div class=\"elementor-element elementor-element-f730017 e-flex e-con-boxed e-con e-parent\" data-id=\"f730017\" data-element_type=\"container\">\n\t\t\t\t\t<div class=\"e-con-inner\">\n\t\t\t\t<div class=\"elementor-element elementor-element-0fa4f93 elementor-widget elementor-widget-text-editor\" data-id=\"0fa4f93\" data-element_type=\"widget\" data-widget_type=\"text-editor.default\">\n\t\t\t\t<div class=\"elementor-widget-container\">\n\t\t\t\t\t\t\t<p><strong><img fetchpriority=\"high\" decoding=\"async\" class=\"size-medium wp-image-759 alignleft\" src=\"https:\/\/waldkindergartendreisamtal.de\/wp-content\/uploads\/2022\/01\/Ecke-Kirsten-Foto-Website-225x300.jpg\" alt=\"\" width=\"225\" height=\"300\" srcset=\"https:\/\/waldkindergartendreisamtal.de\/wp-content\/uploads\/2022\/01\/Ecke-Kirsten-Foto-Website-225x300.jpg 225w, https:\/\/waldkindergartendreisamtal.de\/wp-content\/uploads\/2022\/01\/Ecke-Kirsten-Foto-Website-768x1024.jpg 768w, https:\/\/waldkindergartendreisamtal.de\/wp-content\/uploads\/2022\/01\/Ecke-Kirsten-Foto-Website-1152x1536.jpg 1152w, https:\/\/waldkindergartendreisamtal.de\/wp-content\/uploads\/2022\/01\/Ecke-Kirsten-Foto-Website.jpg 1200w\" sizes=\"(max-width: 225px) 100vw, 225px\" \/>Kirsten Ecke<\/strong><br \/>Ich bin bei Oberstdorf aufgewachsen und habe meine Wurzeln im Wald, in den Bergen und den wunderbar gr\u00fcnen Wiesen der Allg\u00e4uer Natur.<br \/>Die Musik hat mich mit der Harfe in der Hand in die Welt getragen und mir eine Sprache gegeben, mit der ich mich \u00fcber alle Grenzen hinweg mit Menschen verbinden kann. Als Sozialarbeiterin (B.A.) , P\u00e4dagogin und Heilpraktikerin f\u00fcr Psychotherapie (HPG) bin ich seit 2021 im Wald-\u00ad\u2010Team Kirchzarten. Potentiale wecken und Zugang zu Freude und Einklang mit sich selbst zu schaffen ist meine Leidenschaft als P\u00e4dagogin und Musikerin.<br \/>Jetzt darf ich erleben, wie der Wald und die freie, heitere und zugewandt werteorientierte Arbeit im Waldkindergarten Kinder wachsen, bl\u00fchen und schwingen l\u00e4sst. Unsere Kinder dabei unterst\u00fctzen und begleiten zu d\u00fcrfen, ist mir eine helle Freude!<\/p>\t\t\t\t\t\t<\/div>\n\t\t\t\t<\/div>\n\t\t\t\t\t<\/div>\n\t\t\t\t<\/div>\n\t\t<div class=\"elementor-element elementor-element-4c32bc2 e-flex e-con-boxed e-con e-parent\" data-id=\"4c32bc2\" data-element_type=\"container\">\n\t\t\t\t\t<div class=\"e-con-inner\">\n\t\t\t\t<div class=\"elementor-element elementor-element-19361b4 elementor-widget elementor-widget-spacer\" data-id=\"19361b4\" data-element_type=\"widget\" data-widget_type=\"spacer.default\">\n\t\t\t\t<div class=\"elementor-widget-container\">\n\t\t\t<style>\/*! elementor - v3.21.0 - 30-04-2024 *\/\n.elementor-column .elementor-spacer-inner{height:var(--spacer-size)}.e-con{--container-widget-width:100%}.e-con-inner>.elementor-widget-spacer,.e-con>.elementor-widget-spacer{width:var(--container-widget-width,var(--spacer-size));--align-self:var(--container-widget-align-self,initial);--flex-shrink:0}.e-con-inner>.elementor-widget-spacer>.elementor-widget-container,.e-con>.elementor-widget-spacer>.elementor-widget-container{height:100%;width:100%}.e-con-inner>.elementor-widget-spacer>.elementor-widget-container>.elementor-spacer,.e-con>.elementor-widget-spacer>.elementor-widget-container>.elementor-spacer{height:100%}.e-con-inner>.elementor-widget-spacer>.elementor-widget-container>.elementor-spacer>.elementor-spacer-inner,.e-con>.elementor-widget-spacer>.elementor-widget-container>.elementor-spacer>.elementor-spacer-inner{height:var(--container-widget-height,var(--spacer-size))}.e-con-inner>.elementor-widget-spacer.elementor-widget-empty,.e-con>.elementor-widget-spacer.elementor-widget-empty{position:relative;min-height:22px;min-width:22px}.e-con-inner>.elementor-widget-spacer.elementor-widget-empty .elementor-widget-empty-icon,.e-con>.elementor-widget-spacer.elementor-widget-empty .elementor-widget-empty-icon{position:absolute;top:0;bottom:0;left:0;right:0;margin:auto;padding:0;width:22px;height:22px}<\/style>\t\t<div class=\"elementor-spacer\">\n\t\t\t<div class=\"elementor-spacer-inner\"><\/div>\n\t\t<\/div>\n\t\t\t\t<\/div>\n\t\t\t\t<\/div>\n\t\t\t\t\t<\/div>\n\t\t\t\t<\/div>\n\t\t<div class=\"elementor-element elementor-element-6f64e86 e-flex e-con-boxed e-con e-parent\" data-id=\"6f64e86\" data-element_type=\"container\">\n\t\t\t\t\t<div class=\"e-con-inner\">\n\t\t\t\t<div class=\"elementor-element elementor-element-5b62ab1 elementor-widget__width-initial elementor-widget elementor-widget-text-editor\" data-id=\"5b62ab1\" data-element_type=\"widget\" data-widget_type=\"text-editor.default\">\n\t\t\t\t<div class=\"elementor-widget-container\">\n\t\t\t\t\t\t\t<p><strong><img decoding=\"async\" class=\"size-full wp-image-601 alignleft\" src=\"https:\/\/waldkindergartendreisamtal.de\/wp-content\/uploads\/2020\/11\/Logo-Waldmaennchen-1.jpg\" alt=\"\" width=\"80\" height=\"118\" \/>Maja Baranyi<\/strong><br \/>Jahrgang 1976<br \/>1998 staatl. Anerkennung als Erzieherin in Kassel<br \/>2005 Studienabschluss als Dipl. Sozialp\u00e4dagogin Ghk Kassel<br \/>2008\/2009 Weiterbildung Naturp\u00e4dagogik, Naturschule Freiburg<br \/>Seit 2009 im Waldkindergarten Dreisamtal<\/p>\n<p><!-- \/wp:paragraph --><!-- wp:shortcode --><\/p>\n<p>\u00a0<\/p>\t\t\t\t\t\t<\/div>\n\t\t\t\t<\/div>\n\t\t\t\t\t<\/div>\n\t\t\t\t<\/div>\n\t\t<div class=\"elementor-element elementor-element-cf1b26d e-flex e-con-boxed e-con e-parent\" data-id=\"cf1b26d\" data-element_type=\"container\">\n\t\t\t\t\t<div class=\"e-con-inner\">\n\t\t\t\t<div class=\"elementor-element elementor-element-5e1b64f elementor-widget elementor-widget-spacer\" data-id=\"5e1b64f\" data-element_type=\"widget\" data-widget_type=\"spacer.default\">\n\t\t\t\t<div class=\"elementor-widget-container\">\n\t\t\t\t\t<div class=\"elementor-spacer\">\n\t\t\t<div class=\"elementor-spacer-inner\"><\/div>\n\t\t<\/div>\n\t\t\t\t<\/div>\n\t\t\t\t<\/div>\n\t\t\t\t\t<\/div>\n\t\t\t\t<\/div>\n\t\t<div class=\"elementor-element elementor-element-f06cb72 e-flex e-con-boxed e-con e-parent\" data-id=\"f06cb72\" data-element_type=\"container\">\n\t\t\t\t\t<div class=\"e-con-inner\">\n\t\t\t\t<div class=\"elementor-element elementor-element-504add1 elementor-widget elementor-widget-text-editor\" data-id=\"504add1\" data-element_type=\"widget\" data-widget_type=\"text-editor.default\">\n\t\t\t\t<div class=\"elementor-widget-container\">\n\t\t\t\t\t\t\t<p><strong><img decoding=\"async\" class=\"size-medium wp-image-868 alignleft\" src=\"https:\/\/waldkindergartendreisamtal.de\/wp-content\/uploads\/2022\/12\/Boecherer-Bild-WEbsite-12_22-2-300x225.jpeg\" alt=\"\" width=\"300\" height=\"225\" srcset=\"https:\/\/waldkindergartendreisamtal.de\/wp-content\/uploads\/2022\/12\/Boecherer-Bild-WEbsite-12_22-2-300x225.jpeg 300w, https:\/\/waldkindergartendreisamtal.de\/wp-content\/uploads\/2022\/12\/Boecherer-Bild-WEbsite-12_22-2-1024x768.jpeg 1024w, https:\/\/waldkindergartendreisamtal.de\/wp-content\/uploads\/2022\/12\/Boecherer-Bild-WEbsite-12_22-2-768x576.jpeg 768w, https:\/\/waldkindergartendreisamtal.de\/wp-content\/uploads\/2022\/12\/Boecherer-Bild-WEbsite-12_22-2-1536x1152.jpeg 1536w, https:\/\/waldkindergartendreisamtal.de\/wp-content\/uploads\/2022\/12\/Boecherer-Bild-WEbsite-12_22-2-2048x1536.jpeg 2048w\" sizes=\"(max-width: 300px) 100vw, 300px\" \/>Tom B\u00f6cherer<\/strong><br \/>Ich bin Tom und seit Sommer 2021 im Waldkindergarten Buchenbach. Nach Stationen in klassischen Kinderg\u00e4rten und der st\u00e4dtischen Schulkindbetreuung bin ich nun mit gro\u00dfer Freude im Waldkindergarten angekommen. Mit den Kindern drau\u00dfen zu sein, gemeinsam durch Bewegung und Kreativit\u00e4t den Wald und uns zu entdecken, empfinde ich als gro\u00dfe Bereicherung. Auch in meiner Freizeit bin ich aufgrund meines Hundes und verschiedener Hobbies viel an der frischen Luft.<\/p>\t\t\t\t\t\t<\/div>\n\t\t\t\t<\/div>\n\t\t\t\t\t<\/div>\n\t\t\t\t<\/div>\n\t\t<div class=\"elementor-element elementor-element-b51c358 e-flex e-con-boxed e-con e-parent\" data-id=\"b51c358\" data-element_type=\"container\">\n\t\t\t\t\t<div class=\"e-con-inner\">\n\t\t\t\t<div class=\"elementor-element elementor-element-e333181 elementor-widget elementor-widget-spacer\" data-id=\"e333181\" data-element_type=\"widget\" data-widget_type=\"spacer.default\">\n\t\t\t\t<div class=\"elementor-widget-container\">\n\t\t\t\t\t<div class=\"elementor-spacer\">\n\t\t\t<div class=\"elementor-spacer-inner\"><\/div>\n\t\t<\/div>\n\t\t\t\t<\/div>\n\t\t\t\t<\/div>\n\t\t\t\t\t<\/div>\n\t\t\t\t<\/div>\n\t\t<div class=\"elementor-element elementor-element-c720fe9 e-flex e-con-boxed e-con e-parent\" data-id=\"c720fe9\" data-element_type=\"container\">\n\t\t\t\t\t<div class=\"e-con-inner\">\n\t\t\t\t<div class=\"elementor-element elementor-element-f5c37f1 elementor-widget elementor-widget-text-editor\" data-id=\"f5c37f1\" data-element_type=\"widget\" data-widget_type=\"text-editor.default\">\n\t\t\t\t<div class=\"elementor-widget-container\">\n\t\t\t\t\t\t\t<p><strong><img loading=\"lazy\" decoding=\"async\" class=\"alignright wp-image-137 size-medium\" src=\"https:\/\/waldkindergartendreisamtal.de\/wp-content\/uploads\/2019\/11\/grafik-300x225.png\" alt=\"\" width=\"300\" height=\"225\" srcset=\"https:\/\/waldkindergartendreisamtal.de\/wp-content\/uploads\/2019\/11\/grafik-300x225.png 300w, https:\/\/waldkindergartendreisamtal.de\/wp-content\/uploads\/2019\/11\/grafik-768x576.png 768w, https:\/\/waldkindergartendreisamtal.de\/wp-content\/uploads\/2019\/11\/grafik-1024x768.png 1024w\" sizes=\"(max-width: 300px) 100vw, 300px\" \/>Anna-Sarina Enkelmann, <\/strong> geb. 29.09.1989<br \/>Mein bisheriges Leben hat mich schon an viele spannende Orte gef\u00fchrt. Ich bin in Freiburg aufgewachsen, habe dann in Bremen und Finnland studiert und bin zwischendrin kreuz und quer durch den amerikanischen Kontinent und durch Europa gereist. Nun bin ich wieder in Freiburg gelandet.<br \/>Drau\u00dfen zu sein, Abenteuer zu erleben und die Natur gemeinsam mit Kindern zu entdecken, ist im Laufe der Jahre zu meiner Leidenschaft und zu meinem Beruf geworden.<br \/>Als Erlebnisp\u00e4dagogin und Theaterp\u00e4dagogin war ich in der Vergangenheit vor allem mit Schulklassen und Jugendlichen unterwegs. Nach dem Studium, habe ich zwei Jahre lang am UWC Robert Bosch College, einem Internat in Freiburg gearbeitet. Im Sommer 2018 konnte ich meine Erzieherpr\u00fcfungen an der Merianschule in Freiburg absolvieren. 2019\/20 habe ich mein Anerkennungsjahr im Waldkindergarten in Buchenbach gemacht und bin seitdem hier als Erzieherin t\u00e4tig.<br \/>Bei Wind und Wetter drau\u00dfen zu sein, sich von der Begeisterung der Kinder anstecken zu lassen und jeden Tag etwas Neues zu entdecken, freut mich immer wieder aufs Neue.<\/p>\t\t\t\t\t\t<\/div>\n\t\t\t\t<\/div>\n\t\t\t\t\t<\/div>\n\t\t\t\t<\/div>\n\t\t<div class=\"elementor-element elementor-element-a1fe754 e-flex e-con-boxed e-con e-parent\" data-id=\"a1fe754\" data-element_type=\"container\">\n\t\t\t\t\t<div class=\"e-con-inner\">\n\t\t\t\t<div class=\"elementor-element elementor-element-ebe9841 elementor-widget elementor-widget-spacer\" data-id=\"ebe9841\" data-element_type=\"widget\" data-widget_type=\"spacer.default\">\n\t\t\t\t<div class=\"elementor-widget-container\">\n\t\t\t\t\t<div class=\"elementor-spacer\">\n\t\t\t<div class=\"elementor-spacer-inner\"><\/div>\n\t\t<\/div>\n\t\t\t\t<\/div>\n\t\t\t\t<\/div>\n\t\t\t\t\t<\/div>\n\t\t\t\t<\/div>\n\t\t<div class=\"elementor-element elementor-element-578ac38 e-flex e-con-boxed e-con e-parent\" data-id=\"578ac38\" data-element_type=\"container\">\n\t\t\t\t\t<div class=\"e-con-inner\">\n\t\t\t\t<div class=\"elementor-element elementor-element-7c727e4 elementor-widget elementor-widget-image\" data-id=\"7c727e4\" data-element_type=\"widget\" data-widget_type=\"image.default\">\n\t\t\t\t<div class=\"elementor-widget-container\">\n\t\t\t<style>\/*! elementor - v3.21.0 - 30-04-2024 *\/\n.elementor-widget-image{text-align:center}.elementor-widget-image a{display:inline-block}.elementor-widget-image a img[src$=\".svg\"]{width:48px}.elementor-widget-image img{vertical-align:middle;display:inline-block}<\/style>\t\t\t\t\t\t\t<figure class=\"wp-caption\">\n\t\t\t\t\t\t\t\t\t\t<img loading=\"lazy\" decoding=\"async\" width=\"300\" height=\"225\" src=\"https:\/\/waldkindergartendreisamtal.de\/wp-content\/uploads\/2025\/03\/Foto-Amy-HP-300x225.jpg\" class=\"attachment-medium size-medium wp-image-1166\" alt=\"\" srcset=\"https:\/\/waldkindergartendreisamtal.de\/wp-content\/uploads\/2025\/03\/Foto-Amy-HP-300x225.jpg 300w, https:\/\/waldkindergartendreisamtal.de\/wp-content\/uploads\/2025\/03\/Foto-Amy-HP-1024x768.jpg 1024w, https:\/\/waldkindergartendreisamtal.de\/wp-content\/uploads\/2025\/03\/Foto-Amy-HP-768x576.jpg 768w, https:\/\/waldkindergartendreisamtal.de\/wp-content\/uploads\/2025\/03\/Foto-Amy-HP-1536x1152.jpg 1536w, https:\/\/waldkindergartendreisamtal.de\/wp-content\/uploads\/2025\/03\/Foto-Amy-HP-2048x1536.jpg 2048w\" sizes=\"(max-width: 300px) 100vw, 300px\" \/>\t\t\t\t\t\t\t\t\t\t\t<figcaption class=\"widget-image-caption wp-caption-text\">Amy<\/figcaption>\n\t\t\t\t\t\t\t\t\t\t<\/figure>\n\t\t\t\t\t\t\t<\/div>\n\t\t\t\t<\/div>\n\t\t\t\t\t<\/div>\n\t\t\t\t<\/div>\n\t\t\t\t<\/div>\n\t\t","protected":false},"excerpt":{"rendered":"<p>Buchenbach \u00a0\u00a0\u00a0\u00a0\u00a0 Kirchzarten \u00a0\u00a0\u00a0\u00a0\u00a0 Oberried Team Buchenbach und Kontakt Waldhandy Kirsten Ecke: 0151 720 257 53mail buchenbach@waldkindergarten-dreisamtal.com Kirsten EckeIch bin bei Oberstdorf aufgewachsen und habe meine Wurzeln im Wald, in den Bergen und den wunderbar gr\u00fcnen Wiesen der Allg\u00e4uer Natur.Die Musik hat mich mit der Harfe in der Hand in die Welt getragen und mir &#8230; <a title=\"Buchenbach &#038; Team\" class=\"read-more\" href=\"https:\/\/waldkindergartendreisamtal.de\/?page_id=70\" aria-label=\"Mehr Informationen \u00fcber Buchenbach &#038; Team\">Weiterlesen<\/a><\/p>\n","protected":false},"author":1,"featured_media":0,"parent":0,"menu_order":0,"comment_status":"closed","ping_status":"closed","template":"","meta":{"footnotes":""},"class_list":["post-70","page","type-page","status-publish"],"_links":{"self":[{"href":"https:\/\/waldkindergartendreisamtal.de\/index.php?rest_route=\/wp\/v2\/pages\/70","targetHints":{"allow":["GET"]}}],"collection":[{"href":"https:\/\/waldkindergartendreisamtal.de\/index.php?rest_route=\/wp\/v2\/pages"}],"about":[{"href":"https:\/\/waldkindergartendreisamtal.de\/index.php?rest_route=\/wp\/v2\/types\/page"}],"author":[{"embeddable":true,"href":"https:\/\/waldkindergartendreisamtal.de\/index.php?rest_route=\/wp\/v2\/users\/1"}],"replies":[{"embeddable":true,"href":"https:\/\/waldkindergartendreisamtal.de\/index.php?rest_route=%2Fwp%2Fv2%2Fcomments&post=70"}],"version-history":[{"count":40,"href":"https:\/\/waldkindergartendreisamtal.de\/index.php?rest_route=\/wp\/v2\/pages\/70\/revisions"}],"predecessor-version":[{"id":1261,"href":"https:\/\/waldkindergartendreisamtal.de\/index.php?rest_route=\/wp\/v2\/pages\/70\/revisions\/1261"}],"wp:attachment":[{"href":"https:\/\/waldkindergartendreisamtal.de\/index.php?rest_route=%2Fwp%2Fv2%2Fmedia&parent=70"}],"curies":[{"name":"wp","href":"https:\/\/api.w.org\/{rel}","templated":true}]}}